{"id":4623,"date":"2021-07-01T11:03:44","date_gmt":"2021-07-01T09:03:44","guid":{"rendered":"https:\/\/mastercomercioexterior.es\/malaga\/?page_id=4623"},"modified":"2023-07-29T21:41:54","modified_gmt":"2023-07-29T19:41:54","slug":"admisiones","status":"publish","type":"page","link":"https:\/\/mastercomercioexterior.es\/malaga\/admisiones\/","title":{"rendered":"ADMISIONES"},"content":{"rendered":"<p>[et_pb_section fb_built=\u00bb1&#8243; fullwidth=\u00bbon\u00bb _builder_version=\u00bb4.16&#8243; _module_preset=\u00bbdefault\u00bb global_colors_info=\u00bb{}\u00bb][et_pb_fullwidth_header title=\u00bbSOLICITUD ADMISI\u00d3N\u00bb subhead=\u00bbESCUELA DE NEGOCIOS &#8211; C\u00c1MARA DE COMERCIO DE M\u00c1LAGA \u00bb text_orientation=\u00bbcenter\u00bb _builder_version=\u00bb4.16&#8243; _module_preset=\u00bbdefault\u00bb background_color=\u00bb#a51014&#8243; custom_padding=\u00bb||1px|||\u00bb global_colors_info=\u00bb{}\u00bb][\/et_pb_fullwidth_header][\/et_pb_section][et_pb_section fb_built=\u00bb1&#8243; _builder_version=\u00bb4.16&#8243; _module_preset=\u00bbdefault\u00bb custom_padding=\u00bb0px|||||\u00bb global_colors_info=\u00bb{}\u00bb][et_pb_row _builder_version=\u00bb4.16&#8243; _module_preset=\u00bbdefault\u00bb global_colors_info=\u00bb{}\u00bb][et_pb_column type=\u00bb4_4&#8243; _builder_version=\u00bb4.16&#8243; _module_preset=\u00bbdefault\u00bb global_colors_info=\u00bb{}\u00bb][et_pb_contact_form use_spam_service=\u00bbon\u00bb recaptcha_list=\u00bbmastercomercioexterior|mastercomercioexterior-0&#8243; email=\u00bbinfo@mastercomercioexterior.es\u00bb title=\u00bbSOLICITUD ADMISI\u00d3N\u00bb custom_message=\u00bbSOLICITUD ADMISI\u00d3N||et_pb_line_break_holder||||et_pb_line_break_holder||DATOS PERSONALES||et_pb_line_break_holder||NOMBRE:\t\t%%Name%%||et_pb_line_break_holder||DNI: \t\t\t%%DNI%%||et_pb_line_break_holder||NACIONALIDAD:  \t%%NACIONALIDAD%%   ||et_pb_line_break_holder||FECHA NACIMIENTO:\t %%FECHA_NACIMIENTO%%||et_pb_line_break_holder||TELEFONO:\t\t %%PHONE%%||et_pb_line_break_holder||EMAIL:\t\t\t%%Email%%||et_pb_line_break_holder||DIRECCI\u00d3N:  \t\t%%DIRECCION%%||et_pb_line_break_holder||||et_pb_line_break_holder||DATOS ACADEMICOS||et_pb_line_break_holder||TITULO:  \t\t%%TITULO%%   ||et_pb_line_break_holder||UNIVERSIDAD:\t\t%%UNIVERSIDAD%%||et_pb_line_break_holder||NIVEL DE INGL\u00c9S:     \t%%INGLES%%||et_pb_line_break_holder||OTRA FORMACI\u00d3N:\t %%FORMACION_2%%||et_pb_line_break_holder||||et_pb_line_break_holder||DATOS PROFESIONALES||et_pb_line_break_holder||SITUACI\u00d3N ACTUAL:  \t%%SITUACION%%||et_pb_line_break_holder||EMPRESA: \t\t%%EMPRESA%%||et_pb_line_break_holder||CARGO:       \t\t%%CARGO%%||et_pb_line_break_holder||DIRECCION EMPRESA:  %%DIRECCION_EMPRESA%%||et_pb_line_break_holder||CIF:   \t\t\t%%CIF%%||et_pb_line_break_holder||FACUTRA A NOMBRE DE EMPRESA: \t%%FACTURA%%||et_pb_line_break_holder||||et_pb_line_break_holder||BECA||et_pb_line_break_holder||SOLICITA BECA:       %%BECA%%||et_pb_line_break_holder||ACETACI\u00d3N CONDICIONES||et_pb_line_break_holder||ACEPTA: %%ACEPTACI\u00d3N%%||et_pb_line_break_holder||\u00bb success_message=\u00bbSu solicitud de admisi\u00f3n ha sido enviada correctamente. \u00bb submit_button_text=\u00bbENVIAR SOLICITUD ADMISI\u00d3N\u00bb _builder_version=\u00bb4.21.0&#8243; _module_preset=\u00bbdefault\u00bb _unique_id=\u00bb674ab00f-e018-4ebf-bdff-73c58f2554e2&#8243; form_field_background_color=\u00bbrgba(165,79,80,0.26)\u00bb form_field_focus_background_color=\u00bbRGBA(0,0,0,0)\u00bb captcha_text_color=\u00bb#000000&#8243; background_color=\u00bbRGBA(0,0,0,0)\u00bb custom_button=\u00bbon\u00bb button_text_color=\u00bb#a51014&#8243; text_orientation=\u00bbleft\u00bb hover_enabled=\u00bb0&#8243; custom_css_text_field=\u00bb.et-pb-contact-message { display: inline-block; font-size: 38px;  color: #f00; }\u00bb global_colors_info=\u00bb{}\u00bb sticky_enabled=\u00bb0&#8243;][et_pb_contact_field field_id=\u00bbACADEMICO_2_2&#8243; field_title=\u00bbDATOS  PERSONALES\u00bb required_mark=\u00bboff\u00bb fullwidth_field=\u00bbon\u00bb _builder_version=\u00bb4.16&#8243; _module_preset=\u00bbdefault\u00bb form_field_text_color=\u00bb#FFFFFF\u00bb form_field_focus_background_color=\u00bbRGBA(0,0,0,0)\u00bb form_field_focus_text_color=\u00bbRGBA(0,0,0,0)\u00bb background_color=\u00bb#a51014&#8243; background_enable_color=\u00bbon\u00bb global_colors_info=\u00bb{}\u00bb][\/et_pb_contact_field][et_pb_contact_field field_id=\u00bbName\u00bb field_title=\u00bbNOMBRE Y APELLIDOS\u00bb _builder_version=\u00bb4.16&#8243; form_field_background_color=\u00bbrgba(165,79,80,0.26)\u00bb background_color=\u00bb#FFFFFF\u00bb background_enable_color=\u00bbon\u00bb global_colors_info=\u00bb{}\u00bb button_text_size__hover_enabled=\u00bboff\u00bb button_one_text_size__hover_enabled=\u00bboff\u00bb button_two_text_size__hover_enabled=\u00bboff\u00bb button_text_color__hover_enabled=\u00bboff\u00bb button_one_text_color__hover_enabled=\u00bboff\u00bb button_two_text_color__hover_enabled=\u00bboff\u00bb button_border_width__hover_enabled=\u00bboff\u00bb button_one_border_width__hover_enabled=\u00bboff\u00bb button_two_border_width__hover_enabled=\u00bboff\u00bb button_border_color__hover_enabled=\u00bboff\u00bb button_one_border_color__hover_enabled=\u00bboff\u00bb button_two_border_color__hover_enabled=\u00bboff\u00bb button_border_radius__hover_enabled=\u00bboff\u00bb button_one_border_radius__hover_enabled=\u00bboff\u00bb button_two_border_radius__hover_enabled=\u00bboff\u00bb button_letter_spacing__hover_enabled=\u00bboff\u00bb button_one_letter_spacing__hover_enabled=\u00bboff\u00bb button_two_letter_spacing__hover_enabled=\u00bboff\u00bb button_bg_color__hover_enabled=\u00bboff\u00bb button_one_bg_color__hover_enabled=\u00bboff\u00bb button_two_bg_color__hover_enabled=\u00bboff\u00bb][\/et_pb_contact_field][et_pb_contact_field field_id=\u00bbDNI\u00bb field_title=\u00bbDNI\u00bb _builder_version=\u00bb4.16&#8243; _module_preset=\u00bbdefault\u00bb global_colors_info=\u00bb{}\u00bb][\/et_pb_contact_field][et_pb_contact_field field_id=\u00bbNACIONALIDAD\u00bb field_title=\u00bbNACIONALIDAD\u00bb required_mark=\u00bboff\u00bb _builder_version=\u00bb4.16&#8243; _module_preset=\u00bbdefault\u00bb global_colors_info=\u00bb{}\u00bb][\/et_pb_contact_field][et_pb_contact_field field_id=\u00bbFECHA_NACIMIENTO\u00bb field_title=\u00bbFECHA NACIMIENTO\u00bb required_mark=\u00bboff\u00bb _builder_version=\u00bb4.16&#8243; _module_preset=\u00bbdefault\u00bb global_colors_info=\u00bb{}\u00bb][\/et_pb_contact_field][et_pb_contact_field field_id=\u00bbPHONE\u00bb field_title=\u00bbTEL\u00c9FONO\u00bb _builder_version=\u00bb4.16&#8243; _module_preset=\u00bbdefault\u00bb global_colors_info=\u00bb{}\u00bb][\/et_pb_contact_field][et_pb_contact_field field_id=\u00bbEmail\u00bb field_title=\u00bbEmail Address\u00bb field_type=\u00bbemail\u00bb _builder_version=\u00bb4.16&#8243; global_colors_info=\u00bb{}\u00bb button_text_size__hover_enabled=\u00bboff\u00bb button_one_text_size__hover_enabled=\u00bboff\u00bb button_two_text_size__hover_enabled=\u00bboff\u00bb button_text_color__hover_enabled=\u00bboff\u00bb button_one_text_color__hover_enabled=\u00bboff\u00bb button_two_text_color__hover_enabled=\u00bboff\u00bb button_border_width__hover_enabled=\u00bboff\u00bb button_one_border_width__hover_enabled=\u00bboff\u00bb button_two_border_width__hover_enabled=\u00bboff\u00bb button_border_color__hover_enabled=\u00bboff\u00bb button_one_border_color__hover_enabled=\u00bboff\u00bb button_two_border_color__hover_enabled=\u00bboff\u00bb button_border_radius__hover_enabled=\u00bboff\u00bb button_one_border_radius__hover_enabled=\u00bboff\u00bb button_two_border_radius__hover_enabled=\u00bboff\u00bb button_letter_spacing__hover_enabled=\u00bboff\u00bb button_one_letter_spacing__hover_enabled=\u00bboff\u00bb button_two_letter_spacing__hover_enabled=\u00bboff\u00bb button_bg_color__hover_enabled=\u00bboff\u00bb button_one_bg_color__hover_enabled=\u00bboff\u00bb button_two_bg_color__hover_enabled=\u00bboff\u00bb][\/et_pb_contact_field][et_pb_contact_field field_id=\u00bbDIRECCION\u00bb field_title=\u00bbDIRECCI\u00d3N ACTUAL\u00bb required_mark=\u00bboff\u00bb fullwidth_field=\u00bbon\u00bb _builder_version=\u00bb4.16&#8243; _module_preset=\u00bbdefault\u00bb global_colors_info=\u00bb{}\u00bb][\/et_pb_contact_field][et_pb_contact_field field_id=\u00bbACADEMICO\u00bb field_title=\u00bbDATOS ACAD\u00c9MICOS\u00bb required_mark=\u00bboff\u00bb fullwidth_field=\u00bbon\u00bb _builder_version=\u00bb4.16&#8243; _module_preset=\u00bbdefault\u00bb form_field_text_color=\u00bb#FFFFFF\u00bb form_field_focus_background_color=\u00bbRGBA(0,0,0,0)\u00bb form_field_focus_text_color=\u00bbRGBA(0,0,0,0)\u00bb background_color=\u00bb#a51014&#8243; background_enable_color=\u00bbon\u00bb global_colors_info=\u00bb{}\u00bb][\/et_pb_contact_field][et_pb_contact_field field_id=\u00bbTITULO\u00bb field_title=\u00bbT\u00cdTULO ACAD\u00c9MICO \u00bb _builder_version=\u00bb4.16&#8243; _module_preset=\u00bbdefault\u00bb global_colors_info=\u00bb{}\u00bb][\/et_pb_contact_field][et_pb_contact_field field_id=\u00bbUNIVERSIDAD\u00bb field_title=\u00bbUNIVERSIDAD \/ ESCUELA\u00bb _builder_version=\u00bb4.16&#8243; _module_preset=\u00bbdefault\u00bb global_colors_info=\u00bb{}\u00bb][\/et_pb_contact_field][et_pb_contact_field field_id=\u00bbINGLES\u00bb field_title=\u00bbINGL\u00c9S\u00bb field_type=\u00bbselect\u00bb select_options=\u00bb%91{%22value%22:%22INGL\u00c9S A1%22,%22checked%22:0,%22dragID%22:-1},{%22dragID%22:0,%22value%22:%22INGL\u00c9S A2%22,%22checked%22:0},{%22dragID%22:1,%22value%22:%22INGL\u00c9S B1%22,%22checked%22:0},{%22dragID%22:2,%22value%22:%22INGL\u00c9S B2%22,%22checked%22:0},{%22dragID%22:3,%22value%22:%22INGL\u00c9S C1%22,%22checked%22:0},{%22dragID%22:4,%22value%22:%22INGL\u00c9S C2%22,%22checked%22:0}%93&#8243; _builder_version=\u00bb4.16&#8243; _module_preset=\u00bbdefault\u00bb global_colors_info=\u00bb{}\u00bb][\/et_pb_contact_field][et_pb_contact_field field_id=\u00bbFORMACION_2&#8243; field_title=\u00bbOTRA FORMACI\u00d3N \/ OTROS IDIOMAS\u00bb _builder_version=\u00bb4.16&#8243; _module_preset=\u00bbdefault\u00bb global_colors_info=\u00bb{}\u00bb][\/et_pb_contact_field][et_pb_contact_field field_id=\u00bbACADEMICO_2&#8243; field_title=\u00bbDATOS PROFESIONALES\u00bb required_mark=\u00bboff\u00bb fullwidth_field=\u00bbon\u00bb _builder_version=\u00bb4.16&#8243; _module_preset=\u00bbdefault\u00bb form_field_text_color=\u00bb#FFFFFF\u00bb form_field_focus_background_color=\u00bbRGBA(0,0,0,0)\u00bb form_field_focus_text_color=\u00bbRGBA(0,0,0,0)\u00bb background_color=\u00bb#a51014&#8243; background_enable_color=\u00bbon\u00bb global_colors_info=\u00bb{}\u00bb][\/et_pb_contact_field][et_pb_contact_field field_id=\u00bbSITUACION\u00bb field_title=\u00bbSITUCION PROFESIONAL\u00bb field_type=\u00bbselect\u00bb select_options=\u00bb%91{%22value%22:%22DESEMPLEADO%22,%22checked%22:0,%22dragID%22:-1},{%22value%22:%22AUTONOMO%22,%22checked%22:0,%22dragID%22:0},{%22value%22:%22TRABAJADOR DEPENDIENTE%22,%22checked%22:0,%22dragID%22:1},{%22value%22:%22ESTUDIANTE%22,%22checked%22:0,%22dragID%22:2},{%22value%22:%22OTRA SITUACI\u00d3N%22,%22checked%22:0,%22dragID%22:3}%93&#8243; _builder_version=\u00bb4.16&#8243; _module_preset=\u00bbdefault\u00bb global_colors_info=\u00bb{}\u00bb][\/et_pb_contact_field][et_pb_contact_field field_id=\u00bbEMPRESA\u00bb field_title=\u00bbEMPRESA\u00bb required_mark=\u00bboff\u00bb fullwidth_field=\u00bbon\u00bb _builder_version=\u00bb4.16&#8243; _module_preset=\u00bbdefault\u00bb global_colors_info=\u00bb{}\u00bb][\/et_pb_contact_field][et_pb_contact_field field_id=\u00bbCARGO\u00bb field_title=\u00bbCARGO\u00bb required_mark=\u00bboff\u00bb _builder_version=\u00bb4.16&#8243; _module_preset=\u00bbdefault\u00bb global_colors_info=\u00bb{}\u00bb][\/et_pb_contact_field][et_pb_contact_field field_id=\u00bbDIRECCION_EMPRESA\u00bb field_title=\u00bbDIRECCI\u00d3N\u00bb required_mark=\u00bboff\u00bb _builder_version=\u00bb4.16&#8243; _module_preset=\u00bbdefault\u00bb global_colors_info=\u00bb{}\u00bb][\/et_pb_contact_field][\/et_pb_contact_form][et_pb_text _builder_version=\u00bb4.21.0&#8243; _module_preset=\u00bbdefault\u00bb hover_enabled=\u00bb0&#8243; border_color_all=\u00bb#E02B20&#8243; global_colors_info=\u00bb{}\u00bb sticky_enabled=\u00bb0&#8243;]<\/p>\n<blockquote>\n<p>Para completar el proceso de admisi\u00f3n debes enviarnos tu Cv a info@mastercomercioexterior.es<\/p>\n<\/blockquote>\n<p>[\/et_pb_text][et_pb_text disabled_on=\u00bbon|on|on\u00bb _builder_version=\u00bb4.21.0&#8243; _module_preset=\u00bbdefault\u00bb box_shadow_style=\u00bbpreset3&#8243; disabled=\u00bbon\u00bb global_colors_info=\u00bb{}\u00bb]<\/p>\n<p>&nbsp;<\/p>\n<table>\n<tbody>\n<tr>\n<td>\n<p><strong>INFORMACI\u00d3N SOBRE BECAS<\/strong><\/p>\n<p>El n\u00famero de becas que se otorgaran en el MIE 2022 ser\u00e1 de un m\u00e1ximo de 10 (diez). Se otorgan por estricto orden de matriculaci\u00f3n. La beca consiste en un descuento del 10% del precio total del M\u00e1ster.<\/p>\n<\/td>\n<\/tr>\n<\/tbody>\n<\/table>\n<p>&nbsp;<\/p>\n<p>[\/et_pb_text][et_pb_text _builder_version=\u00bb4.18.0&#8243; _module_preset=\u00bbdefault\u00bb global_colors_info=\u00bb{}\u00bb]<\/p>\n<h3><\/h3>\n<h3><strong>\u00a0<\/strong><\/h3>\n<p>Los organizadores se reservan el derecho de anular o retrasar el M\u00e1ster en Internacionalizaci\u00f3n de Empresas si no hubiera alumnos suficientes. En el primer caso se reembolsar\u00e1 al alumno el importe efectivamente pagado hasta la fecha.<\/p>\n<p>Para los alumnos que quieran anular la matr\u00edcula ser\u00e1 de aplicaci\u00f3n lo siguiente:<\/p>\n<ul>\n<li>Una vez matriculado, al alumno que se d\u00e9 de baja y lo notifique como m\u00ednimo 30 d\u00edas antes del inicio del M\u00e1ster, tendr\u00e1n derecho a la devoluci\u00f3n del 50 % del importe de la matr\u00edcula.<\/li>\n<li>Aquellos alumnos que lo notifiquen con menos de 30 d\u00edas de antelaci\u00f3n de la fecha de inicio del M\u00e1ster y salvo fuerza mayor que imposibilite su asistencia, no tendr\u00e1n derecho a devoluci\u00f3n alguna.<\/li>\n<li>La anulaci\u00f3n de la matr\u00edcula se justificar\u00e1 siempre por causas sobrevenidas siendo estas: enfermedad, cambio de sede de trabajo, menoscabo econ\u00f3mico de la unidad familiar o cualquiera otra causa que, a juicio de los organizadores, se considere equiparable a las anteriores. Posteriormente a esta fecha, no se reintegrar\u00e1 eI importe satisfecho de la matr\u00edcula.<\/li>\n<li>No pagar cualquiera de los plazos comportar\u00e1 la baja autom\u00e1tica del alumno\/a sin derecho al reintegro de la cantidad ya pagada.<\/li>\n<\/ul>\n<p>&nbsp;<\/p>\n<p><strong>INFORMACI\u00d3N SOBRE DATOS DE CAR\u00c1CTER PERSONAL Y COMUNICACIONES ELECTR\u00d3NICAS<\/strong><\/p>\n<p><strong>PROTECCI\u00d3N DE DATOS DE CAR\u00c1CTER PERSONAL: <\/strong>En cumplimiento de la Ley Org\u00e1nica 15\/1999 de 13 de Diciembre, de Protecci\u00f3n de Datos de Car\u00e1cter Personal,\u00a0 C\u00e1mara Oficial de Comercio, Industria y Navegaci\u00f3n de la provincia de M\u00e1laga, pone en su conocimiento que los datos incluidos en este formulario\u00a0 son estrictamente confidenciales. Ponemos en su conocimiento la posibilidad de ejercer sus derechos de acceso, rectificaci\u00f3n, cancelaci\u00f3n y especificaci\u00f3n, en los t\u00e9rminos establecidos en la legislaci\u00f3n vigente, que podr\u00e1 hacer efectivos dirigi\u00e9ndose por escrito a\u00a0 la C\u00e1mara Oficial de Comercio, Industria y Navegaci\u00f3n de la provincia de M\u00e1laga, C\/Cortina del Muelle, 23 , CP 29015 M\u00e1laga o e-mail:registro@camaramalaga.com<\/p>\n<p>&nbsp;<\/p>\n<p><strong>AUTORIZACI\u00d3N PARA ENV\u00cdOS POR V\u00cdA ELECTR\u00d3NICA: <\/strong>De conformidad con la Ley 34\/2002, de 11 de julio, de servicios de la sociedad de la informaci\u00f3n y de comercio electr\u00f3nico, le solicitamos autorizaci\u00f3n para remitirle comunicaciones comerciales y profesionales por v\u00eda electr\u00f3nica con el fin de mantenerle al d\u00eda sobre nuestra actividad acad\u00e9mica y resto de promociones sobre las actividades del M\u00e1ster, incluyendo la informaci\u00f3n acad\u00e9mica.<\/p>\n<ul><\/ul>\n<p>&nbsp;<\/p>\n<p>[\/et_pb_text][\/et_pb_column][\/et_pb_row][\/et_pb_section]<\/p>\n","protected":false},"excerpt":{"rendered":"<p>Para completar el proceso de admisi\u00f3n debes enviarnos tu Cv a info@mastercomercioexterior.es &nbsp; INFORMACI\u00d3N SOBRE BECAS El n\u00famero de becas que se otorgaran en el MIE 2022 ser\u00e1 de un m\u00e1ximo de 10 (diez). Se otorgan por estricto orden de matriculaci\u00f3n. La beca consiste en un descuento del 10% del precio total del M\u00e1ster. &nbsp; [&hellip;]<\/p>\n","protected":false},"author":10,"featured_media":0,"parent":0,"menu_order":0,"comment_status":"closed","ping_status":"closed","template":"","meta":{"_et_pb_use_builder":"on","_et_pb_old_content":"","_et_gb_content_width":"","footnotes":""},"class_list":["post-4623","page","type-page","status-publish","hentry"],"_links":{"self":[{"href":"https:\/\/mastercomercioexterior.es\/malaga\/wp-json\/wp\/v2\/pages\/4623","targetHints":{"allow":["GET"]}}],"collection":[{"href":"https:\/\/mastercomercioexterior.es\/malaga\/wp-json\/wp\/v2\/pages"}],"about":[{"href":"https:\/\/mastercomercioexterior.es\/malaga\/wp-json\/wp\/v2\/types\/page"}],"author":[{"embeddable":true,"href":"https:\/\/mastercomercioexterior.es\/malaga\/wp-json\/wp\/v2\/users\/10"}],"replies":[{"embeddable":true,"href":"https:\/\/mastercomercioexterior.es\/malaga\/wp-json\/wp\/v2\/comments?post=4623"}],"version-history":[{"count":30,"href":"https:\/\/mastercomercioexterior.es\/malaga\/wp-json\/wp\/v2\/pages\/4623\/revisions"}],"predecessor-version":[{"id":5105,"href":"https:\/\/mastercomercioexterior.es\/malaga\/wp-json\/wp\/v2\/pages\/4623\/revisions\/5105"}],"wp:attachment":[{"href":"https:\/\/mastercomercioexterior.es\/malaga\/wp-json\/wp\/v2\/media?parent=4623"}],"curies":[{"name":"wp","href":"https:\/\/api.w.org\/{rel}","templated":true}]}}