{"id":3871,"date":"2020-04-30T20:28:50","date_gmt":"2020-04-30T18:28:50","guid":{"rendered":"https:\/\/mastercomercioexterior.es\/malaga\/?page_id=3871"},"modified":"2025-05-18T20:25:53","modified_gmt":"2025-05-18T18:25:53","slug":"webinar-comercio-exterior","status":"publish","type":"page","link":"https:\/\/mastercomercioexterior.es\/malaga\/webinar-comercio-exterior\/","title":{"rendered":"WEBINAR COMERCIO EXTERIOR"},"content":{"rendered":"<p>[et_pb_section fb_built=\u00bb1&#8243; inner_shadow=\u00bbon\u00bb fullwidth=\u00bbon\u00bb _builder_version=\u00bb4.16&#8243; background_color=\u00bb#e8e8e8&#8243; global_colors_info=\u00bb{}\u00bb][et_pb_fullwidth_header title=\u00bbWEBINARS COMERCIO EXTERIOR\u00bb text_orientation=\u00bbcenter\u00bb _builder_version=\u00bb4.16&#8243; background_color=\u00bb#f2f2f2&#8243; background_layout=\u00bblight\u00bb global_colors_info=\u00bb{}\u00bb][\/et_pb_fullwidth_header][\/et_pb_section][et_pb_section fb_built=\u00bb1&#8243; _builder_version=\u00bb4.16&#8243; custom_margin=\u00bb2px|||||\u00bb global_colors_info=\u00bb{}\u00bb][et_pb_row column_structure=\u00bb2_3,1_3&#8243; _builder_version=\u00bb4.16&#8243; border_radii=\u00bboff||||\u00bb global_colors_info=\u00bb{}\u00bb][et_pb_column type=\u00bb2_3&#8243; _builder_version=\u00bb4.16&#8243; border_color_all=\u00bb#ffffff\u00bb border_width_right=\u00bb1px\u00bb global_colors_info=\u00bb{}\u00bb][et_pb_text _builder_version=\u00bb4.27.4&#8243; hover_enabled=\u00bb0&#8243; global_colors_info=\u00bb{}\u00bb sticky_enabled=\u00bb0&#8243;]<\/p>\n<h3 style=\"text-align: center;\"><span style=\"color: #e02b20;\">WEBINAR GRATUITO<\/span><\/h3>\n<h3 style=\"text-align: left;\"><strong><\/strong><\/h3>\n<h3 style=\"text-align: center;\"><strong>El nuevo escenario internacional para las empresas exportadoras.<\/strong><\/h3>\n<p style=\"text-align: center;\"><span style=\"color: #ff0000;\"><\/span><\/p>\n<h3 style=\"text-align: left;\"><span style=\"color: #ff0000;\">Fecha<\/span>: <span style=\"text-decoration: line-through;\">13 mayo 2020 a las 12:00h.<\/span>\u00a0\u00a0Finalizado<\/h3>\n<h3 style=\"text-align: left;\"><span style=\"color: #ff0000;\">Duraci\u00f3n<\/span>: 1 hora.<\/h3>\n<p>[\/et_pb_text][et_pb_cta title=\u00bbPRESENTACI\u00d3N DEL WEBINAR\u00bb button_url=\u00bbhttps:\/\/mastercomercioexterior.es\/malaga\/wp-content\/uploads\/2020\/05\/Presentacio\u0301n-DC1-Ca\u0301mara-Ma\u0301laga.pdf\u00bb url_new_window=\u00bbon\u00bb button_text=\u00bbDESCARGAR AQU\u00cd\u00bb _builder_version=\u00bb4.16&#8243; background_image=\u00bbhttps:\/\/mastercomercioexterior.es\/malaga\/wp-content\/uploads\/2020\/05\/Captura-de-pantalla-2020-05-12-a-las-17.24.58.png\u00bb custom_button=\u00bbon\u00bb button_text_color=\u00bb#e02b20&#8243; button_bg_color=\u00bbrgba(186,169,141,0.92)\u00bb button_border_width=\u00bb0px\u00bb background_layout=\u00bblight\u00bb global_colors_info=\u00bb{}\u00bb][\/et_pb_cta][et_pb_text _builder_version=\u00bb4.16&#8243; global_colors_info=\u00bb{}\u00bb]<\/p>\n<p><strong><\/strong><\/p>\n<p><strong><\/strong><\/p>\n<p><strong><\/strong><\/p>\n<p><strong><\/strong><\/p>\n<p><strong><\/strong><\/p>\n<p><strong>Ponente<\/strong>: David Carnicer.<\/p>\n<p><span>Experto en Marketing y Estrategia Internacional.\u00a0<\/span>Director y profesor del M\u00e1ster de Internacionalizaci\u00f3n de<br \/> Empresas de la C\u00e1mara de Comercio de M\u00e1laga y socio director de Consortia Consultores.<\/p>\n<p><strong><\/strong><\/p>\n<p><strong><\/strong><\/p>\n<p><strong>Contenido:<\/strong><\/p>\n<ul>\n<li>La exportaci\u00f3n e internacionalizaci\u00f3n de las empresas espa\u00f1olas y andaluzas: el punto de partida.<\/li>\n<li>Lo que los analistas dicen sobre el impacto de esta crisis.<\/li>\n<li>Lo que probablemente suceda a ra\u00edz de esta crisis.<\/li>\n<li>Cambios previsibles en el entorno internacional.<\/li>\n<li>Estrategias que las empresas deber\u00edan adoptar para aprovechar el nuevo escenario.<\/li>\n<\/ul>\n<p>&nbsp;<\/p>\n<p>&nbsp;<\/p>\n<p>&nbsp;<\/p>\n<p>&nbsp;<\/p>\n<p>&nbsp;<\/p>\n<p>&nbsp;<\/p>\n<p>&nbsp;<\/p>\n<p>&nbsp;<\/p>\n<p>&nbsp;<\/p>\n<p>[\/et_pb_text][et_pb_text _builder_version=\u00bb4.16&#8243; global_colors_info=\u00bb{}\u00bb]<\/p>\n<p style=\"text-align: center;\"><img loading=\"lazy\" decoding=\"async\" src=\"https:\/\/mastercomercioexterior.es\/malaga\/wp-content\/uploads\/2020\/05\/logo-nuevo-300x260.jpg\" width=\"74\" height=\"64\" alt=\"\" class=\"wp-image-3882 alignnone size-medium\" \/>\u00a0 \u00a0 \u00a0 \u00a0 \u00a0 \u00a0 \u00a0\u00a0<img loading=\"lazy\" decoding=\"async\" src=\"https:\/\/mastercomercioexterior.es\/malaga\/wp-content\/uploads\/2020\/05\/Programa_XpandeDigital-300x96.png\" width=\"203\" height=\"65\" alt=\"\" class=\"wp-image-3883 alignnone size-medium\" \/>\u00a0 \u00a0 \u00a0 \u00a0\u00a0 <img loading=\"lazy\" decoding=\"async\" src=\"https:\/\/mastercomercioexterior.es\/malaga\/wp-content\/uploads\/2020\/05\/image9-300x92.png\" width=\"218\" height=\"67\" alt=\"\" class=\"wp-image-3884 alignnone size-medium\" \/><\/p>\n<p>[\/et_pb_text][\/et_pb_column][et_pb_column type=\u00bb1_3&#8243; _builder_version=\u00bb4.16&#8243; border_color_all=\u00bb#ededed\u00bb border_width_left=\u00bb1px\u00bb border_color_left=\u00bb#e5e5e5&#8243; box_shadow_style=\u00bbpreset1&#8243; global_colors_info=\u00bb{}\u00bb][et_pb_text _builder_version=\u00bb4.16&#8243; background_color=\u00bb#bf2015&#8243; min_height=\u00bb84px\u00bb custom_margin=\u00bb||-4px|||\u00bb custom_padding=\u00bb||0px|||\u00bb global_colors_info=\u00bb{}\u00bb]<\/p>\n<h2 style=\"text-align: center;\"><strong><\/strong><\/h2>\n<h2 style=\"text-align: center;\"><strong><\/strong><\/h2>\n<h2 style=\"text-align: center;\"><span style=\"color: #ffffff;\"><strong>PROXIMOS WEBINARS<\/strong><\/span><\/h2>\n<p>[\/et_pb_text][et_pb_text _builder_version=\u00bb4.16&#8243; custom_margin=\u00bb||2px|||\u00bb link_option_url=\u00bbhttps:\/\/mastercomercioexterior.es\/malaga\/proyecciones-de-la-economia-espanola\/\u00bb link_option_url_new_window=\u00bbon\u00bb border_width_top=\u00bb1px\u00bb global_colors_info=\u00bb{}\u00bb]<\/p>\n<p>&nbsp;<\/p>\n<h3 style=\"text-align: center;\">PROYECCIONES DE LA ECONOM\u00cdA MUNDIAL. PRINCIPALES TENDENCIAS<\/h3>\n<p>[\/et_pb_text][et_pb_cta button_text=\u00bbINSCRIBIRSE\u00bb _builder_version=\u00bb4.16&#8243; body_text_color=\u00bb#e02b20&#8243; background_color=\u00bb#6f9989&#8243; background_image=\u00bbhttps:\/\/mastercomercioexterior.es\/malaga\/wp-content\/uploads\/2020\/05\/20-mayo-1.png\u00bb custom_button=\u00bbon\u00bb button_text_color=\u00bb#000000&#8243; background_layout=\u00bblight\u00bb link_option_url=\u00bbhttps:\/\/mastercomercioexterior.es\/malaga\/proyecciones-de-la-economia-espanola\/\u00bb link_option_url_new_window=\u00bbon\u00bb global_colors_info=\u00bb{}\u00bb]<\/p>\n<h2><\/h2>\n<p>&nbsp;<\/p>\n<p>&nbsp;<\/p>\n<h2>20 DE MAYO 2020<\/h2>\n<p>&nbsp;<\/p>\n<p>&nbsp;<\/p>\n<p>[\/et_pb_cta][et_pb_text _builder_version=\u00bb4.16&#8243; custom_margin=\u00bb||2px|||\u00bb link_option_url=\u00bbhttps:\/\/mastercomercioexterior.es\/malaga\/aspectos-juridicos-y-tributarios-para-las-empresas-en-tiempos-de-covid-19\/\u00bb link_option_url_new_window=\u00bbon\u00bb border_width_top=\u00bb1px\u00bb global_colors_info=\u00bb{}\u00bb]<\/p>\n<p>&nbsp;<\/p>\n<h3 style=\"text-align: center;\">ASPECTOS JURIDICOS Y TRIBUTARIOS DEL COMERIO EXTERIOR.\u00a0<\/h3>\n<p>[\/et_pb_text][et_pb_cta button_text=\u00bbINSCRIBIRSE\u00bb _builder_version=\u00bb4.16&#8243; body_text_color=\u00bb#ffffff\u00bb background_color=\u00bb#6f9989&#8243; background_image=\u00bbhttps:\/\/mastercomercioexterior.es\/malaga\/wp-content\/uploads\/2020\/05\/27-mayo.png\u00bb custom_button=\u00bbon\u00bb button_text_color=\u00bb#000000&#8243; background_layout=\u00bblight\u00bb link_option_url=\u00bbhttps:\/\/mastercomercioexterior.es\/malaga\/aspectos-juridicos-y-tributarios-para-las-empresas-en-tiempos-de-covid-19\/\u00bb link_option_url_new_window=\u00bbon\u00bb global_colors_info=\u00bb{}\u00bb]<\/p>\n<h2><\/h2>\n<p>&nbsp;<\/p>\n<p>&nbsp;<\/p>\n<h2>27 DE MAYO 2020<\/h2>\n<p>&nbsp;<\/p>\n<p>&nbsp;<\/p>\n<p>[\/et_pb_cta][et_pb_text _builder_version=\u00bb4.16&#8243; custom_margin=\u00bb||2px|||\u00bb link_option_url=\u00bbhttps:\/\/mastercomercioexterior.es\/malaga\/soluciones-financieras-en-las-exportaciones\/\u00bb link_option_url_new_window=\u00bbon\u00bb border_width_top=\u00bb1px\u00bb global_colors_info=\u00bb{}\u00bb]<\/p>\n<p>&nbsp;<\/p>\n<h3 style=\"text-align: center;\">SOLUCIONES FINANCIERAS PARA LA EXPORTACI\u00d3N TRAS COVID-19<\/h3>\n<p>[\/et_pb_text][et_pb_cta button_text=\u00bbINSCRIBIRSE\u00bb _builder_version=\u00bb4.16&#8243; body_text_color=\u00bb#ffffff\u00bb background_color=\u00bb#6f9989&#8243; background_image=\u00bbhttps:\/\/mastercomercioexterior.es\/malaga\/wp-content\/uploads\/2020\/05\/29-mayo-2020.png\u00bb custom_button=\u00bbon\u00bb button_text_color=\u00bb#000000&#8243; background_layout=\u00bblight\u00bb link_option_url=\u00bbhttps:\/\/mastercomercioexterior.es\/malaga\/soluciones-financieras-en-las-exportaciones\/\u00bb link_option_url_new_window=\u00bbon\u00bb global_colors_info=\u00bb{}\u00bb]<\/p>\n<h2><\/h2>\n<p>&nbsp;<\/p>\n<p>&nbsp;<\/p>\n<h2>29 DE MAYO 2020<\/h2>\n<p>&nbsp;<\/p>\n<p>&nbsp;<\/p>\n<p>[\/et_pb_cta][et_pb_text _builder_version=\u00bb4.16&#8243; custom_margin=\u00bb||2px|||\u00bb link_option_url=\u00bbhttps:\/\/mastercomercioexterior.es\/malaga\/marketplace\/\u00bb link_option_url_new_window=\u00bbon\u00bb border_width_top=\u00bb1px\u00bb global_colors_info=\u00bb{}\u00bb]<\/p>\n<p>&nbsp;<\/p>\n<h3 style=\"text-align: center;\">SOLUCIONES DIGITALES ANTE EL COVID-19.\u00a0\u00a0MARKETPLACES.<\/h3>\n<h3 style=\"text-align: center;\"><\/h3>\n<p>[\/et_pb_text][et_pb_cta button_text=\u00bbINSCRIBIRSE\u00bb _builder_version=\u00bb4.16&#8243; body_text_color=\u00bb#ffffff\u00bb background_color=\u00bb#6f9989&#8243; background_image=\u00bbhttps:\/\/mastercomercioexterior.es\/malaga\/wp-content\/uploads\/2020\/05\/3-junio-2020.png\u00bb custom_button=\u00bbon\u00bb button_text_color=\u00bb#000000&#8243; background_layout=\u00bblight\u00bb link_option_url=\u00bbhttps:\/\/mastercomercioexterior.es\/malaga\/marketplace\/\u00bb link_option_url_new_window=\u00bbon\u00bb global_colors_info=\u00bb{}\u00bb]<\/p>\n<h2><\/h2>\n<p>&nbsp;<\/p>\n<p>&nbsp;<\/p>\n<h2>03 DE JUNIO 2020<\/h2>\n<p>&nbsp;<\/p>\n<p>&nbsp;<\/p>\n<p>[\/et_pb_cta][\/et_pb_column][\/et_pb_row][\/et_pb_section]<\/p>\n","protected":false},"excerpt":{"rendered":"<p>WEBINAR GRATUITO El nuevo escenario internacional para las empresas exportadoras. Fecha: 13 mayo 2020 a las 12:00h.\u00a0\u00a0Finalizado Duraci\u00f3n: 1 hora. Ponente: David Carnicer. Experto en Marketing y Estrategia Internacional.\u00a0Director y profesor del M\u00e1ster de Internacionalizaci\u00f3n de Empresas de la C\u00e1mara de Comercio de M\u00e1laga y socio director de Consortia Consultores. Contenido: La exportaci\u00f3n e internacionalizaci\u00f3n [&hellip;]<\/p>\n","protected":false},"author":10,"featured_media":0,"parent":0,"menu_order":0,"comment_status":"closed","ping_status":"closed","template":"","meta":{"_et_pb_use_builder":"on","_et_pb_old_content":"","_et_gb_content_width":"","footnotes":""},"class_list":["post-3871","page","type-page","status-publish","hentry"],"_links":{"self":[{"href":"https:\/\/mastercomercioexterior.es\/malaga\/wp-json\/wp\/v2\/pages\/3871","targetHints":{"allow":["GET"]}}],"collection":[{"href":"https:\/\/mastercomercioexterior.es\/malaga\/wp-json\/wp\/v2\/pages"}],"about":[{"href":"https:\/\/mastercomercioexterior.es\/malaga\/wp-json\/wp\/v2\/types\/page"}],"author":[{"embeddable":true,"href":"https:\/\/mastercomercioexterior.es\/malaga\/wp-json\/wp\/v2\/users\/10"}],"replies":[{"embeddable":true,"href":"https:\/\/mastercomercioexterior.es\/malaga\/wp-json\/wp\/v2\/comments?post=3871"}],"version-history":[{"count":27,"href":"https:\/\/mastercomercioexterior.es\/malaga\/wp-json\/wp\/v2\/pages\/3871\/revisions"}],"predecessor-version":[{"id":5334,"href":"https:\/\/mastercomercioexterior.es\/malaga\/wp-json\/wp\/v2\/pages\/3871\/revisions\/5334"}],"wp:attachment":[{"href":"https:\/\/mastercomercioexterior.es\/malaga\/wp-json\/wp\/v2\/media?parent=3871"}],"curies":[{"name":"wp","href":"https:\/\/api.w.org\/{rel}","templated":true}]}}